{"id":11409,"date":"2023-12-12T15:24:47","date_gmt":"2023-12-12T20:24:47","guid":{"rendered":"https:\/\/publideces.com\/avis-de-deces\/ginette-renaud\/"},"modified":"2023-12-12T15:24:47","modified_gmt":"2023-12-12T20:24:47","slug":"ginette-renaud","status":"publish","type":"obituary","link":"https:\/\/publideces.com\/en\/obituaries\/ginette-renaud\/","title":{"rendered":"Ginette Renaud"},"content":{"rendered":"","protected":false},"featured_media":1949,"comment_status":"open","ping_status":"open","template":"","class_list":["post-11409","obituary","type-obituary","status-publish","has-post-thumbnail","hentry"],"acf":{"email_obituary":"","death_place":"","obituary_birth_date":"April 6, 1956","obituary_death_date":"May 16, 2019","death_age":"63 years old","obituary_description":"At Anna-Laberge Hospital, on May 16, 2019, at the age of 63, Mrs. Ginette Renaud passed away. In addition to her spouse Dominique Guigu\u00e8re, she is survived by her daughter Nathalie Pr\u00e9vost (David), her son Steve Pr\u00e9vost (M\u00e9lissa), and her eight (8) grandchildren. ","exposition":{"location":"Mercier","address":"","repeater":[{"date":"","starting_hour":"","ending_hour":""}]},"ceremony":{"location":"","address":"","repeater":[{"date":"","starting_hour":"","ending_hour":""}]},"burrial":{"location":"","specific_location":"","address":"","repeater":[{"date":"","starting_hour":"","ending_hour":""}]},"reception":{"location":"","address":"","repeater":[{"date":"","starting_hour":"","ending_hour":""}]},"thanks":"","organism_list":[],"other_organisms":"","funeral_home":[666],"other_funeral_homes":"","memoriam_option":"none","memoriam_images_base_repeater":null,"memoriam_images_premium_repeater":null,"qr_plaque_option":"none","qr_plaque_quantity":0},"_links":{"self":[{"href":"https:\/\/publideces.com\/en\/wp-json\/wp\/v2\/obituary\/11409","targetHints":{"allow":["GET"]}}],"collection":[{"href":"https:\/\/publideces.com\/en\/wp-json\/wp\/v2\/obituary"}],"about":[{"href":"https:\/\/publideces.com\/en\/wp-json\/wp\/v2\/types\/obituary"}],"replies":[{"embeddable":true,"href":"https:\/\/publideces.com\/en\/wp-json\/wp\/v2\/comments?post=11409"}],"acf:post":[{"embeddable":true,"href":"https:\/\/publideces.com\/en\/wp-json\/wp\/v2\/funeral_home\/666"}],"wp:featuredmedia":[{"embeddable":true,"href":"https:\/\/publideces.com\/en\/wp-json\/wp\/v2\/media\/1949"}],"wp:attachment":[{"href":"https:\/\/publideces.com\/en\/wp-json\/wp\/v2\/media?parent=11409"}],"curies":[{"name":"wp","href":"https:\/\/api.w.org\/{rel}","templated":true}]}}