{"id":11501,"date":"2023-12-12T15:26:31","date_gmt":"2023-12-12T20:26:31","guid":{"rendered":"https:\/\/publideces.com\/avis-de-deces\/hugues-vigneault\/"},"modified":"2025-11-05T16:15:08","modified_gmt":"2025-11-05T21:15:08","slug":"hugues-vigneault","status":"publish","type":"obituary","link":"https:\/\/publideces.com\/en\/obituaries\/hugues-vigneault\/","title":{"rendered":"Hugues Vigneault"},"content":{"rendered":"","protected":false},"featured_media":2409,"comment_status":"open","ping_status":"open","template":"","class_list":["post-11501","obituary","type-obituary","status-publish","has-post-thumbnail","hentry"],"acf":{"email_obituary":"","death_place":"","obituary_birth_date":"7 April 1949","obituary_death_date":"7 April 2023","death_age":"74 years old","obituary_description":"At his home in Saint-Augustin-de-Desmaures, surrounded by the love of his family, on April 7, 2023, Mr. Hugues Vigneault passed away at the age of 74.\n\n \n\nHe is survived by his wife Diane Otis, his sons Dave (Marie-Jos\u00e9e Jean) and \u00c9ric (M\u00e9lanie Tremblay), his brothers Marc, Maurice, and Jacques, his grandchildren Myl\u00e8ne, Val\u00e9rie, Karl, Jessyca, and Alexandra, as well as his great-grandchildren Thomas, Elodie, Jade, Oscar, Emma, and Alycia.\n\n \n\nIn accordance with his wishes, there will be no ceremony.","exposition":{"location":"","address":"","repeater":[{"date":"","starting_hour":"","ending_hour":""}]},"ceremony":{"location":"","address":"","repeater":[{"date":"","starting_hour":"","ending_hour":""}]},"burrial":{"location":"","specific_location":"","address":"","repeater":[{"date":"","starting_hour":"","ending_hour":""}]},"reception":{"location":"","address":"","repeater":[{"date":"","starting_hour":"","ending_hour":""}]},"thanks":"","organism_list":[],"other_organisms":"","funeral_home":[666],"other_funeral_homes":"","memoriam_option":"none","memoriam_images_base_repeater":null,"memoriam_images_premium_repeater":null,"qr_plaque_option":"none","qr_plaque_quantity":0},"_links":{"self":[{"href":"https:\/\/publideces.com\/en\/wp-json\/wp\/v2\/obituary\/11501","targetHints":{"allow":["GET"]}}],"collection":[{"href":"https:\/\/publideces.com\/en\/wp-json\/wp\/v2\/obituary"}],"about":[{"href":"https:\/\/publideces.com\/en\/wp-json\/wp\/v2\/types\/obituary"}],"replies":[{"embeddable":true,"href":"https:\/\/publideces.com\/en\/wp-json\/wp\/v2\/comments?post=11501"}],"acf:post":[{"embeddable":true,"href":"https:\/\/publideces.com\/en\/wp-json\/wp\/v2\/funeral_home\/666"}],"wp:featuredmedia":[{"embeddable":true,"href":"https:\/\/publideces.com\/en\/wp-json\/wp\/v2\/media\/2409"}],"wp:attachment":[{"href":"https:\/\/publideces.com\/en\/wp-json\/wp\/v2\/media?parent=11501"}],"curies":[{"name":"wp","href":"https:\/\/api.w.org\/{rel}","templated":true}]}}