{"id":11524,"date":"2023-12-12T15:26:46","date_gmt":"2023-12-12T20:26:46","guid":{"rendered":"https:\/\/publideces.com\/avis-de-deces\/gisele-bouchard\/"},"modified":"2023-12-12T15:26:46","modified_gmt":"2023-12-12T20:26:46","slug":"gisele-bouchard","status":"publish","type":"obituary","link":"https:\/\/publideces.com\/en\/obituaries\/gisele-bouchard\/","title":{"rendered":"Gis\u00e8le Bouchard"},"content":{"rendered":"","protected":false},"featured_media":2450,"comment_status":"open","ping_status":"open","template":"","class_list":["post-11524","obituary","type-obituary","status-publish","has-post-thumbnail","hentry"],"acf":{"email_obituary":"","death_place":"","obituary_birth_date":"June 19, 1944","obituary_death_date":"June 19, 2023","death_age":"79 years and 7 months","obituary_description":"At the St-Charles-Borrom\u00e9e hospital center, on June 19, 2023, at the age of 79 years and 7 months, Mrs. Gis\u00e8le Bouchard passed away. She is survived by her children: Manon (Robert Bordeleau), Martin (Suzy Dupont) and Chantal (Gaby David), her grandchildren: Miguel, Dannick, Alexey, J\u00e9r\u00e9my, M\u00e9lyane, Samuel, Ma\u00e9ly and Romy, her great-grandchildren: Layla and Logan, her sisters: Henriette, Claire and Annette, as well as many other relatives and friends. \n\nThe family wishes to thank the hemodialysis staff of 5A for the excellent care provided to our mother.\n\n\u00a0\n\n\u00a0\n\n\u00a0\n\n\u00a0","exposition":{"location":"Lachance Funeral Complex Inc. 152, Cur\u00e9-Rondeau Street Notre-Dame-des-Prairies (QC) J6E 1G8 ","address":"","repeater":[{"date":"","starting_hour":"","ending_hour":""}]},"ceremony":{"location":"Lachance Inc. Funeral Complex Chapel","address":"","repeater":[{"date":"","starting_hour":"","ending_hour":""}]},"burrial":{"location":"","specific_location":"","address":"","repeater":[{"date":"","starting_hour":"","ending_hour":""}]},"reception":{"location":"","address":"","repeater":[{"date":"","starting_hour":"","ending_hour":""}]},"thanks":"Your expressions of sympathy may be expressed by a donation to the Kidney Foundation.","organism_list":[],"other_organisms":"","funeral_home":[666],"other_funeral_homes":"","memoriam_option":"none","memoriam_images_base_repeater":null,"memoriam_images_premium_repeater":null,"qr_plaque_option":"none","qr_plaque_quantity":0},"_links":{"self":[{"href":"https:\/\/publideces.com\/en\/wp-json\/wp\/v2\/obituary\/11524","targetHints":{"allow":["GET"]}}],"collection":[{"href":"https:\/\/publideces.com\/en\/wp-json\/wp\/v2\/obituary"}],"about":[{"href":"https:\/\/publideces.com\/en\/wp-json\/wp\/v2\/types\/obituary"}],"replies":[{"embeddable":true,"href":"https:\/\/publideces.com\/en\/wp-json\/wp\/v2\/comments?post=11524"}],"acf:post":[{"embeddable":true,"href":"https:\/\/publideces.com\/en\/wp-json\/wp\/v2\/funeral_home\/666"}],"wp:featuredmedia":[{"embeddable":true,"href":"https:\/\/publideces.com\/en\/wp-json\/wp\/v2\/media\/2450"}],"wp:attachment":[{"href":"https:\/\/publideces.com\/en\/wp-json\/wp\/v2\/media?parent=11524"}],"curies":[{"name":"wp","href":"https:\/\/api.w.org\/{rel}","templated":true}]}}