{"id":11570,"date":"2023-12-12T15:25:54","date_gmt":"2023-12-12T20:25:54","guid":{"rendered":"https:\/\/publideces.com\/avis-de-deces\/jacqueline-chevrette\/"},"modified":"2023-12-12T15:25:54","modified_gmt":"2023-12-12T20:25:54","slug":"jacqueline-chevrette","status":"publish","type":"obituary","link":"https:\/\/publideces.com\/en\/obituaries\/jacqueline-chevrette\/","title":{"rendered":"Jacqueline Chevrette"},"content":{"rendered":"","protected":false},"featured_media":2246,"comment_status":"open","ping_status":"open","template":"","class_list":["post-11570","obituary","type-obituary","status-publish","has-post-thumbnail","hentry"],"acf":{"email_obituary":"","death_place":"","obituary_birth_date":"15 September 1945","obituary_death_date":"2 February 2022","death_age":"76 years old","obituary_description":"We regret to announce the passing of Mrs. Jacqueline Chevrette, 76 years old, which occurred on February 2nd at the Lanaudi\u00e8re Hospital in Saint-Charles-Borrom\u00e9e.\n\nShe is survived by her children: Ann (Martin Baker), Benjamin (V\u00e9ronic Michaud), her sister H\u00e9l\u00e8ne (Jean-Guy Duchesne), as well as her grandchildren: Samuel and Anthony Baker, Rapha\u00ebl, J\u00e9r\u00e9my and Gabriel Chevrette, and many other relatives and friends.\n\nJacqueline was an attentive and generous mother, who dedicated her life to others.\n\nShe will be greatly missed.\n\n\u00a0","exposition":{"location":"152 Cur\u00e9-Rondeau Street, Notre-Dame-des-Prairies","address":"","repeater":[{"date":"","starting_hour":"","ending_hour":""}]},"ceremony":{"location":"","address":"","repeater":[{"date":"","starting_hour":"","ending_hour":""}]},"burrial":{"location":"","specific_location":"","address":"","repeater":[{"date":"","starting_hour":"","ending_hour":""}]},"reception":{"location":"","address":"","repeater":[{"date":"","starting_hour":"","ending_hour":""}]},"thanks":"","organism_list":[],"other_organisms":"","funeral_home":[666],"other_funeral_homes":"","memoriam_option":"none","memoriam_images_base_repeater":null,"memoriam_images_premium_repeater":null,"qr_plaque_option":"none","qr_plaque_quantity":0},"_links":{"self":[{"href":"https:\/\/publideces.com\/en\/wp-json\/wp\/v2\/obituary\/11570","targetHints":{"allow":["GET"]}}],"collection":[{"href":"https:\/\/publideces.com\/en\/wp-json\/wp\/v2\/obituary"}],"about":[{"href":"https:\/\/publideces.com\/en\/wp-json\/wp\/v2\/types\/obituary"}],"replies":[{"embeddable":true,"href":"https:\/\/publideces.com\/en\/wp-json\/wp\/v2\/comments?post=11570"}],"acf:post":[{"embeddable":true,"href":"https:\/\/publideces.com\/en\/wp-json\/wp\/v2\/funeral_home\/666"}],"wp:featuredmedia":[{"embeddable":true,"href":"https:\/\/publideces.com\/en\/wp-json\/wp\/v2\/media\/2246"}],"wp:attachment":[{"href":"https:\/\/publideces.com\/en\/wp-json\/wp\/v2\/media?parent=11570"}],"curies":[{"name":"wp","href":"https:\/\/api.w.org\/{rel}","templated":true}]}}