{"id":11718,"date":"2023-12-12T15:26:13","date_gmt":"2023-12-12T20:26:13","guid":{"rendered":"https:\/\/publideces.com\/obituaries\/reginald-denis\/"},"modified":"2023-12-12T15:26:13","modified_gmt":"2023-12-12T20:26:13","slug":"reginald-denis","status":"publish","type":"obituary","link":"https:\/\/publideces.com\/en\/obituaries\/reginald-denis\/","title":{"rendered":"R\u00e9ginald Denis"},"content":{"rendered":"","protected":false},"featured_media":2311,"comment_status":"open","ping_status":"open","template":"","class_list":["post-11718","obituary","type-obituary","status-publish","has-post-thumbnail","hentry"],"acf":{"email_obituary":"","death_place":"","obituary_birth_date":"29 April 1954","obituary_death_date":"31 July 2022","death_age":"68 years old","obituary_description":"It was on the evening of July 31, 2022, that R\u00e9ginald \"my uncle Nald\" Denis passed away, surrounded by his loved ones at Pierre-Le Gardeur Hospital in Terrebonne. After a difficult battle fought with all the strength and courage he was known for, he will finally rest. \n\n\u00a0\n\nHe is survived by the love of his life, Sylvie Martel, as well as his large family whom he adored so much: His children, the late \u00c9ric and his daughter Martine, his nine grandchildren and his great-grandson, his brothers and sisters (Lina, Francine, Bernard, Johanne, Sylvie, Marl\u00e8ne, the late Ren\u00e9, Andr\u00e9, the late Liette, Louise, Pierre), his brothers-in-law, sisters-in-law, nieces, nephews, cousins, and not forgetting his large adoptive family from Lac Merisier.\n\n\u00a0\n\nLoved ones will gather privately for a final farewell at the Lachance Funeral Complex in Joliette on the evening of August 11, 2022.\n\n\u00a0\n\nHe will be greatly missed, needless to say. However, one thing remains certain: as long as we remember all those uncontrollable bursts of laughter, those songs around the fire, those epic adventures\u2026 He will live forever, somewhere between Rivi\u00e8re-au-Renard and Lac Merisier Road. ","exposition":{"location":"Lachance Funeral Complex, 152 Cur\u00e9-Rondeau Street, Notre-Dame-des-Prairies, QC J6E 1G8","address":"","repeater":[{"date":"","starting_hour":"","ending_hour":""}]},"ceremony":{"location":"","address":"","repeater":[{"date":"","starting_hour":"","ending_hour":""}]},"burrial":{"location":"","specific_location":"","address":"","repeater":[{"date":"","starting_hour":"","ending_hour":""}]},"reception":{"location":"","address":"","repeater":[{"date":"","starting_hour":"","ending_hour":""}]},"thanks":"","organism_list":[],"other_organisms":"","funeral_home":[666],"other_funeral_homes":"","memoriam_option":"none","memoriam_images_base_repeater":null,"memoriam_images_premium_repeater":null,"qr_plaque_option":"none","qr_plaque_quantity":0},"_links":{"self":[{"href":"https:\/\/publideces.com\/en\/wp-json\/wp\/v2\/obituary\/11718","targetHints":{"allow":["GET"]}}],"collection":[{"href":"https:\/\/publideces.com\/en\/wp-json\/wp\/v2\/obituary"}],"about":[{"href":"https:\/\/publideces.com\/en\/wp-json\/wp\/v2\/types\/obituary"}],"replies":[{"embeddable":true,"href":"https:\/\/publideces.com\/en\/wp-json\/wp\/v2\/comments?post=11718"}],"acf:post":[{"embeddable":true,"href":"https:\/\/publideces.com\/en\/wp-json\/wp\/v2\/funeral_home\/666"}],"wp:featuredmedia":[{"embeddable":true,"href":"https:\/\/publideces.com\/en\/wp-json\/wp\/v2\/media\/2311"}],"wp:attachment":[{"href":"https:\/\/publideces.com\/en\/wp-json\/wp\/v2\/media?parent=11718"}],"curies":[{"name":"wp","href":"https:\/\/api.w.org\/{rel}","templated":true}]}}